{"id":2007,"date":"2020-02-12T14:01:40","date_gmt":"2020-02-12T13:01:40","guid":{"rendered":"https:\/\/antykilion.pl\/?post_type=product&#038;p=2007"},"modified":"2026-03-22T19:45:42","modified_gmt":"2026-03-22T18:45:42","slug":"boulle-xix-wiek-palacowy-bufet-prawdziwy-szylkret-jako-jedyny-w-polsce","status":"publish","type":"product","link":"https:\/\/antykilion.pl\/fr\/product\/boulle-xix-wiek-palacowy-bufet-prawdziwy-szylkret-jako-jedyny-w-polsce\/","title":{"rendered":"Boulle XIX\u00e8me si\u00e8cle, buffet de palais, v\u00e9ritable tortie unique en Pologne!"},"content":{"rendered":"","protected":false},"excerpt":{"rendered":"<p>BUFET- Meuble meuble Boulle PREMIER MOITIE DU XIX SIECLE !!!!!<br \/>\nMobilier avec c\u00f4t\u00e9s ondul\u00e9s et coins avant et biseaut\u00e9s, ferm\u00e9s par deux vantaux, reposant sur des pieds de console. Tout plaqu\u00e9, teint\u00e9 noir, poli sur soi-disant Tapis fran\u00e7ais, d\u00e9cor\u00e9 d&#039;incrustations d&#039;une ligne en laiton cr\u00e9ant des motifs floraux, sur une \u00e9caille de tortue, en plus richement d\u00e9cor\u00e9 de bruns dor\u00e9s. Sur les vantaux de porte, des m\u00e9daillons ovales ferm\u00e9s d&#039;un bronze profil\u00e9 dor\u00e9 \u00e0 lattes, et enferm\u00e9s par des champs triangulaires dans les coins. Corniche sup\u00e9rieure et socle ferm\u00e9s par une latte profil\u00e9e. Les coins avant en haut et en bas sont d\u00e9cor\u00e9s de rosettes, et dans la partie sup\u00e9rieure \u00e9galement de cariatides. Deux \u00e9tag\u00e8res \u00e0 l&#039;int\u00e9rieur;<br \/>\nEtat: tr\u00e8s bon apr\u00e8s entretien<br \/>\nConstruction - POIRE, placage - acajou<br \/>\nOrigine: France, vers 1810-50<br \/>\nDimensions: longueur 140 cm, hauteur 110 cm<br \/>\nMobilier.Avec documentation apr\u00e8s conservation.<\/p>","protected":false},"featured_media":2008,"comment_status":"closed","ping_status":"closed","template":"","meta":[],"product_cat":[26,27,17],"product_tag":[],"class_list":{"0":"post-2007","1":"product","2":"type-product","3":"status-publish","4":"has-post-thumbnail","6":"product_cat-komody","7":"product_cat-kredensy-bufety","8":"product_cat-meble","10":"entry","11":"has-media","13":"first","14":"instock","15":"taxable","16":"shipping-taxable","17":"purchasable","18":"product-type-simple","19":"has-product-nav","20":"col","21":"span_1_of_3","22":"owp-content-center","23":"owp-thumbs-layout-horizontal","24":"owp-btn-normal","25":"owp-tabs-layout-horizontal"},"aioseo_notices":[],"_links":{"self":[{"href":"https:\/\/antykilion.pl\/fr\/wp-json\/wp\/v2\/product\/2007","targetHints":{"allow":["GET"]}}],"collection":[{"href":"https:\/\/antykilion.pl\/fr\/wp-json\/wp\/v2\/product"}],"about":[{"href":"https:\/\/antykilion.pl\/fr\/wp-json\/wp\/v2\/types\/product"}],"replies":[{"embeddable":true,"href":"https:\/\/antykilion.pl\/fr\/wp-json\/wp\/v2\/comments?post=2007"}],"wp:featuredmedia":[{"embeddable":true,"href":"https:\/\/antykilion.pl\/fr\/wp-json\/wp\/v2\/media\/2008"}],"wp:attachment":[{"href":"https:\/\/antykilion.pl\/fr\/wp-json\/wp\/v2\/media?parent=2007"}],"wp:term":[{"taxonomy":"product_cat","embeddable":true,"href":"https:\/\/antykilion.pl\/fr\/wp-json\/wp\/v2\/product_cat?post=2007"},{"taxonomy":"product_tag","embeddable":true,"href":"https:\/\/antykilion.pl\/fr\/wp-json\/wp\/v2\/product_tag?post=2007"}],"curies":[{"name":"wp","href":"https:\/\/api.w.org\/{rel}","templated":true}]}}